{"id":5678101,"date":"2021-01-08T10:59:24","date_gmt":"2021-01-08T09:59:24","guid":{"rendered":"https:\/\/www.dr-delagranda.com\/septoplastie\/"},"modified":"2024-02-22T07:55:26","modified_gmt":"2024-02-22T06:55:26","slug":"septoplasty","status":"publish","type":"page","link":"https:\/\/www.dr-delagranda.com\/en\/septoplasty\/","title":{"rendered":"Septoplasty"},"content":{"rendered":"<div class=\"wpb-content-wrapper\">[vc_row full_width=&#8221;stretch_row_content_no_spaces&#8221; css=&#8221;.vc_custom_1620308442909{padding-top: 35vh !important;padding-bottom: 25vh !important;background-image: url(https:\/\/www.dr-delagranda.com\/wp-content\/uploads\/2021\/05\/septoplastie.jpg?id=5675740) !important;background-position: center !important;background-repeat: no-repeat !important;background-size: cover !important;}&#8221;][vc_column offset=&#8221;vc_col-lg-offset-1 vc_col-lg-10 vc_col-md-offset-1 vc_col-md-10 vc_col-sm-offset-0 vc_col-xs-12&#8243; css=&#8221;.vc_custom_1603286580076{padding-right: 12% !important;padding-left: 12% !important;}&#8221;]<div class=\"norebro-heading-sc heading text-shadow text-center\"\n\tid=\"norebro-custom-69f438c520172\" \n\t \n\t>\n\t\n\t\n\t\n\t<h1 class=\"title\">\n\t\tSeptoplasty\t<\/h1>\n\n\t\n\t\t\n<\/div>[\/vc_column][\/vc_row][vc_row full_width=&#8221;stretch_row_content&#8221; css=&#8221;.vc_custom_1619517744409{padding-top: 8vh !important;}&#8221;][vc_column offset=&#8221;vc_col-lg-offset-2 vc_col-lg-8 vc_col-md-offset-1 vc_col-md-10 vc_col-sm-offset-0 vc_col-xs-12&#8243;]<div class=\"norebro-text-sc justify\" \n\tid=\"norebro-custom-69f438c52060e\" \n\t \n\t>\n\n\t<p>Septoplasty is a surgical procedure performed on the median nasal septum to straighten it and improve breathing and nasal comfort. The operation is performed under general anesthesia by an ENT surgeon, and requires a one-day hospital stay. No scars are visible, as the procedure is performed through the inside of the nose.<\/p>\n<p>Find out more about septoplasty from Dr Delagranda, an ENT and cervico-facial surgeon in La Roche-sur-Yon in the Vend\u00e9e.<\/p>\n\t\n<\/div>[\/vc_column][\/vc_row][vc_row css=&#8221;.vc_custom_1619600626772{padding-top: 6vh !important;padding-bottom: 8vh !important;}&#8221;][vc_column width=&#8221;2\/3&#8243; offset=&#8221;vc_col-lg-offset-2 vc_col-lg-8 vc_col-md-offset-1 vc_col-md-10 vc_col-sm-offset-0 vc_col-xs-offset-1 vc_col-xs-10&#8243; css=&#8221;.vc_custom_1619534081562{border-top-width: 1px !important;border-right-width: 1px !important;border-bottom-width: 1px !important;border-left-width: 1px !important;padding-top: 10px !important;padding-right: 10px !important;padding-bottom: 10px !important;padding-left: 10px !important;background-color: #f9f9f9 !important;border-left-color: #0a0a0a !important;border-left-style: dotted !important;border-right-color: #0a0a0a !important;border-right-style: dotted !important;border-top-color: #0a0a0a !important;border-top-style: dotted !important;border-bottom-color: #0a0a0a !important;border-bottom-style: dotted !important;border-radius: 1px !important;}&#8221;]<div class=\"norebro-text-sc \" \n\tid=\"norebro-custom-69f438c520975\" \n\t \n\t>\n\n\t<div id=\"post-link-5678101\" class=\"sh-link post-link sh-hide\"><a href=\"#\" onclick=\"showhide_toggle('post', 5678101, 'SUMMARY', 'SUMMARY'); return false;\" aria-expanded=\"false\"><span id=\"post-toggle-5678101\">SUMMARY<\/span><\/a><\/div><div id=\"post-content-5678101\" class=\"sh-content post-content sh-hide\" style=\"display: none;\"><\/p>\n<ul>\n<li><a href=\"#publics\">Who is concerned by septoplasty?<\/a><\/li>\n<li><a href=\"#septum-nasal\">Median nasal septum<\/a><\/li>\n<li><a href=\"#objectifs\">Objectives of nasal septum surgery<\/a><\/li>\n<li><a href=\"#intervention\">The surgical procedure<\/a><\/li>\n<li><a href=\"#intervention\">Post-operative recovery period<\/a><\/li>\n<li><a href=\"#complications\">Complications associated with nasal septum surgery<\/a><\/li>\n<li><a href=\"#questions\">Frequently asked questions<\/a><\/li>\n<li><a href=\"#rdv\">Appointment<\/a><\/li>\n<\/ul>\n<p><\/div>\n\t\n<\/div>[\/vc_column][\/vc_row][vc_row full_width=&#8221;stretch_row_content_no_spaces&#8221; equal_height=&#8221;yes&#8221; content_placement=&#8221;middle&#8221; css=&#8221;.vc_custom_1621504068957{padding-top: 6vh !important;padding-bottom: 6vh !important;background-color: #0f2233 !important;}&#8221; el_id=&#8221;publics&#8221;][vc_column width=&#8221;1\/2&#8243; offset=&#8221;vc_col-lg-offset-0 vc_col-lg-6 vc_col-md-offset-0 vc_col-md-6 vc_col-sm-offset-0 vc_col-xs-12&#8243; css=&#8221;.vc_custom_1619517220506{padding-right: 7% !important;padding-left: 7% !important;background-color: #0f2233 !important;}&#8221;]<div class=\"norebro-heading-sc heading text-left\"\n\tid=\"norebro-custom-69f438c520cbd\" \n\t \n\t>\n\t\n\t\n\t\n\t<h2 class=\"title\">\n\t\tIndications and target group for septoplasty\t<\/h2>\n\n\t\n\t\t\n<\/div>[vc_empty_space height=&#8221;40px&#8221;]<div class=\"norebro-text-sc justify\" \n\tid=\"norebro-custom-69f438c520db5\" \n\t \n\t>\n\n\t<p><strong>Who should consider septoplasty?<\/strong><\/p>\n<p>Adults with a blocked nose, especially if it&#8217;s unilateral and linked to a nasal septum problem.<br \/>\nChildren over the age of 15 (exceptionally under this age, due to facial growth) for the same reasons.<\/p>\n<p><strong>When should a septoplasty be performed?<\/strong><\/p>\n<p>Septoplasty should be performed in cases of:<\/p>\n<ul>\n<li>Sensation of a blocked nose, especially if unilateral.<\/li>\n<li>Difficulty tolerating a CPAP (continuous positive airway pressure) device worn at night for sleep apnea syndrome (specific indication discussed after careful examination and elimination of other causes).<\/li>\n<li>Snoring (specific indication discussed after careful examination and elimination of other causes).<\/li>\n<li>Orthodontic work.<\/li>\n<li>Repeated unilateral sinusitis favored by major deviation affecting sinus aeration (specific indication discussed after careful examination and elimination of other causes).<\/li>\n<\/ul>\n\t\n<\/div>[\/vc_column][vc_column width=&#8221;1\/2&#8243; offset=&#8221;vc_col-xs-12&#8243; css=&#8221;.vc_custom_1619517230925{padding-top: 8vh !important;padding-right: 7% !important;padding-bottom: 8vh !important;padding-left: 7% !important;background-color: #0f2233 !important;}&#8221;][vc_single_image image=&#8221;5675742&#8243; img_size=&#8221;full&#8221; alignment=&#8221;center&#8221;][\/vc_column][\/vc_row][vc_row full_width=&#8221;stretch_row_content&#8221; css=&#8221;.vc_custom_1621503995117{padding-top: 8vh !important;padding-bottom: 8vh !important;}&#8221; el_id=&#8221;septum-nasal&#8221;][vc_column offset=&#8221;vc_col-lg-offset-2 vc_col-lg-8 vc_col-md-offset-1 vc_col-md-10 vc_col-sm-offset-0 vc_col-xs-12&#8243;]<div class=\"norebro-heading-sc heading text-center\"\n\tid=\"norebro-custom-69f438c520e69\" \n\t \n\t>\n\t\n\t\n\t\n\t<h2 class=\"title\">\n\t\tMedian nasal septum\t<\/h2>\n\n\t\n\t\t\n<\/div>[vc_empty_space height=&#8221;40px&#8221;]<div class=\"norebro-text-sc justify\" \n\tid=\"norebro-custom-69f438c520f2e\" \n\t \n\t>\n\n\t<p>The nasal septum separates the 2 nasal cavities and forms the median architecture of the nose, from the tip to the choanae.\u00a0 This complex structure is composed of 3 different bone portions (ethmoid, vomer, maxilla), a septal cartilage and small accessory cartilages, all covered by mucous membrane. The nasal septum is frequently the site of deviation (40% of people), most often on the cartilaginous part, but not exclusively. The bony support base or foot of the septum is also sometimes highly asymmetrical, causing functional discomfort.\u00a0 Deviation of the septal cartilage may be simple (spur-shaped) or complex (watch-glass-shaped), acquired spontaneously or post-traumatically.\u00a0 Spontaneous deviation results from a difference in growth rate between bone and cartilage, with cartilage growing faster than bone in some people, leaving it no choice but to bend. Although 40% of adults have a deviated septum, it doesn&#8217;t necessarily need to be operated on, especially as many other anatomical or physiological factors are involved in the sensation of a unilateral blocked nose. Your ENT specialist will examine you carefully and distinguish between purely architectural abnormalities of the septum, nasal wings, turbinates and mucosal changes.<\/p>\n\t\n<\/div>[\/vc_column][\/vc_row][vc_row full_width=&#8221;stretch_row&#8221; css=&#8221;.vc_custom_1622642888711{background: #ffffff url(https:\/\/www.dr-delagranda.com\/wp-content\/uploads\/2021\/06\/deviation-septale-endonasale.jpg?id=5676760) !important;background-position: center !important;background-repeat: no-repeat !important;background-size: cover !important;}&#8221; el_id=&#8221;objectifs&#8221;][vc_column][vc_empty_space height=&#8221;120px&#8221;][vc_row_inner][vc_column_inner width=&#8221;1\/2&#8243; css=&#8221;.vc_custom_1620308041882{padding-right: 10% !important;padding-left: 10% !important;background-color: rgba(255,255,255,0.95) !important;*background-color: rgb(255,255,255) !important;}&#8221;][vc_empty_space height=&#8221;60px&#8221;]<div class=\"norebro-heading-sc heading text-left\"\n\tid=\"norebro-custom-69f438c520fc7\" \n\t \n\t>\n\t\n\t\n\t\n\t<h2 class=\"title\">\n\t\tObjectives of septoplasty\t<\/h2>\n\n\t\n\t\t\n<\/div>[vc_empty_space height=&#8221;40px&#8221;]<div class=\"norebro-text-sc justify\" \n\tid=\"norebro-custom-69f438c521095\" \n\t \n\t>\n\n\t<ul>\n<li>Achieve a sensation of freer airflow through the nasal cavity on inspiration.<\/li>\n<li>Encourage the use of CPAP (continuous positive airway pressure).<\/li>\n<li>Optimize the work of the orthodontist.<\/li>\n<li>Eliminate or reduce snoring in very specific cases.<\/li>\n<li>Limit sinusitis in very specific cases.<\/li>\n<\/ul>\n\t\n<\/div>[vc_empty_space height=&#8221;80px&#8221;][\/vc_column_inner][vc_column_inner width=&#8221;1\/2&#8243;][\/vc_column_inner][\/vc_row_inner][vc_empty_space height=&#8221;120px&#8221;][\/vc_column][\/vc_row][vc_row full_width=&#8221;stretch_row_content&#8221; css=&#8221;.vc_custom_1621504013898{padding-top: 8vh !important;padding-bottom: 8vh !important;background-color: #0f2233 !important;}&#8221; el_id=&#8221;intervention&#8221;][vc_column offset=&#8221;vc_col-lg-offset-2 vc_col-lg-8 vc_col-md-offset-1 vc_col-md-10 vc_col-sm-offset-0 vc_col-xs-12&#8243;]<div class=\"norebro-heading-sc heading text-center\"\n\tid=\"norebro-custom-69f438c521133\" \n\t \n\t>\n\t\n\t\n\t\n\t<h2 class=\"title\">\n\t\tThe different stages of the intervention\t<\/h2>\n\n\t\t\t<div class=\"divider\"><\/div>\n\t\n\t\t\n<\/div>[vc_empty_space height=&#8221;60px&#8221;]<div class=\"norebro-heading-sc heading text-left\"\n\tid=\"norebro-custom-69f438c5211f1\" \n\t \n\t>\n\t\n\t\n\t\n\t<h2 class=\"title\">\n\t\tThe surgical procedure\t<\/h2>\n\n\t\n\t\t\n<\/div>[vc_empty_space height=&#8221;40px&#8221;]<div class=\"norebro-text-sc justify\" \n\tid=\"norebro-custom-69f438c5212a9\" \n\t \n\t>\n\n\t<p>Under general anaesthetic in the operating theatre, the mucous membrane of the nasal septum is opened 2-3 cm from one side to the front, and peeled back on both sides through the anterior part of the septum to expose the cartilage and bone. Once exposed, cartilage and bone are resected as required. The mucosa is then reapplied and sutured over the approach with absorbable sutures. Two silicone Doyle\u00a9 splints (one on each side) are then placed to hold the mucosa in place, facilitating healing. These splints are very well tolerated, thanks to their supple material and rounded shape, and they allow the patient to breathe through the nose, as they are hollow in the middle.<\/p>\n\t\n<\/div>[vc_empty_space height=&#8221;60px&#8221;]<div class=\"norebro-heading-sc heading text-left\"\n\tid=\"norebro-custom-69f438c521342\" \n\t \n\t>\n\t\n\t\n\t\n\t<h3 class=\"title\">\n\t\tPost-op recovery period\t<\/h3>\n\n\t\n\t\t\n<\/div>[vc_empty_space height=&#8221;40px&#8221;]<div class=\"norebro-text-sc justify\" \n\tid=\"norebro-custom-69f438c5213ff\" \n\t \n\t>\n\n\t<p>In the case of outpatient surgery, the patient usually returns home the same day.<br \/>\nAfter hospitalization, you should remain at home for 8-10 days, resting and checking for bleeding from the nose or throat.<br \/>\nIf necessary, the surgeon will give you an 8-10-day medical leave.<br \/>\nSport is not recommended for the first 15 days, and should be resumed gradually.<br \/>\nPain is moderate. It is controlled by Class I analgesics.<br \/>\nPost-operative care at home: nose washed with physiological saline for 21 days through the splints and then in the nose, analgesics and antibiotics while the splints were on.<br \/>\nScarring: no visible scar.<br \/>\nPrecautions: the 2 Doyle splints are easily removed in consultation on day 10.<\/p>\n\t\n<\/div>[\/vc_column][\/vc_row][vc_row full_width=&#8221;stretch_row&#8221; css=&#8221;.vc_custom_1621870490651{background: #ffffff url(https:\/\/www.dr-delagranda.com\/wp-content\/uploads\/2021\/05\/objectifs-septoplastie.jpg?id=5675745) !important;background-position: center !important;background-repeat: no-repeat !important;background-size: cover !important;}&#8221; el_id=&#8221;complications&#8221;][vc_column][vc_empty_space height=&#8221;120px&#8221;][vc_row_inner][vc_column_inner width=&#8221;7\/12&#8243; css=&#8221;.vc_custom_1607095018746{padding-right: 10% !important;padding-left: 10% !important;background-color: rgba(255,255,255,0.95) !important;*background-color: rgb(255,255,255) !important;}&#8221;][vc_empty_space height=&#8221;60px&#8221;]<div class=\"norebro-heading-sc heading text-left\"\n\tid=\"norebro-custom-69f438c5214b3\" \n\t \n\t>\n\t\n\t\n\t\n\t<h2 class=\"title\">\n\t\tComplications associated with septoplasty\t<\/h2>\n\n\t\n\t\t\n<\/div>[vc_empty_space height=&#8221;40px&#8221;]<div class=\"norebro-text-sc justify\" \n\tid=\"norebro-custom-69f438c52158c\" \n\t \n\t>\n\n\t<p>In addition to the risks inherent in any surgery involving general anaesthesia, septoplasty carries the risk of rare complications:<\/p>\n<ul>\n<li>Nasal haemorrhage (epistaxis) after the procedure, which is very minor and subsides rapidly with nose-blowing and nose-washing.<\/li>\n<li>Crusts in the nose for 4 weeks.<\/li>\n<li>Septal perforation may lead to persistent bleeding, and noise when breathing (whistling, hissing). This can be corrected secondarily.<\/li>\n<li>Temporary or permanent loss of sensitivity in the upper incisors.<\/li>\n<li>Scar adhesions in the nose that may restrict airflow. This can be corrected secondarily. They are rare due to the presence of silicone splints during the initial healing phase.<\/li>\n<li>Surgical site infection.<\/li>\n<\/ul>\n<p>Please refer to the College of ENT&#8217;s information sheet on septoplasty for further explanations and exceptional complications:<\/p>\n<p><a href=\"https:\/\/www.dr-delagranda.com\/wp-content\/uploads\/2021\/05\/fiche-orl-septoplastie.pdf\" target=\"_blank\" rel=\"noopener\">\u2794 Septoplastie<\/a><\/p>\n\t\n<\/div>[vc_empty_space height=&#8221;80px&#8221;][\/vc_column_inner][vc_column_inner width=&#8221;5\/12&#8243;][\/vc_column_inner][\/vc_row_inner][vc_empty_space height=&#8221;120px&#8221;][\/vc_column][\/vc_row][vc_row full_width=&#8221;stretch_row_content&#8221; css=&#8221;.vc_custom_1621504034343{padding-top: 8vh !important;padding-bottom: 10vh !important;}&#8221; el_id=&#8221;questions&#8221;][vc_column offset=&#8221;vc_col-lg-offset-2 vc_col-lg-8 vc_col-md-offset-1 vc_col-md-10 vc_col-sm-offset-0 vc_col-xs-12&#8243;]<div class=\"norebro-heading-sc heading text-center\"\n\tid=\"norebro-custom-69f438c521622\" \n\t \n\t>\n\t\n\t\n\t\n\t<h2 class=\"title\">\n\t\tFrequently asked questions about septoplasty\t<\/h2>\n\n\t\t\t<div class=\"divider\"><\/div>\n\t\n\t\t\n<\/div>[vc_empty_space height=&#8221;60px&#8221;]<div class=\"norebro-text-sc justify\" \n\tid=\"norebro-custom-69f438c5216da\" \n\t \n\t>\n\n\t<p>Here is a selection of questions frequently asked by Dr Delagranda&#8217;s patients during septoplasty consultations.<\/p>\n\t\n<\/div>[vc_empty_space height=&#8221;60px&#8221;]<div class=\"norebro-accordion-s\u0441 accordion-box  outline\" \n\tid=\"norebro-custom-69f438c521767\"\n\tdata-norebro-accordion=\"0\"\n\t \n\t>\n\n\t<div id=\"1605017264328-06613f59-3c90\" class=\"item justify\">\n\t\n\t<div class=\"title\">\n\t\t\t\t<h4>Is surgery compulsory?<\/h4>\n\t\t<div class=\"control\">\n\t\t\t<span class=\"ion-plus\"><\/span>\n\t\t<\/div>\n\t<\/div>\n\n\t<div class=\"content\">\n\t\t<div class=\"wrap\">\n\t\t\t<p>No, never. It&#8217;s purely functional, but can be of great benefit to your health if, for example, you have difficulty with a CPAP.<\/p>\n\t\t<\/div>\n\t<\/div>\n\n<\/div><div id=\"1605017264387-ae52c0b0-c778\" class=\"item justify\">\n\t\n\t<div class=\"title\">\n\t\t\t\t<h4>Is the result immediate?<\/h4>\n\t\t<div class=\"control\">\n\t\t\t<span class=\"ion-plus\"><\/span>\n\t\t<\/div>\n\t<\/div>\n\n\t<div class=\"content\">\n\t\t<div class=\"wrap\">\n\t\t\t<p>When the splints are removed (10th day), breathing is much improved, but crusts may still slightly impede it for up to 2 weeks.<\/p>\n\t\t<\/div>\n\t<\/div>\n\n<\/div><div id=\"1607181181696-2c504641-4d75\" class=\"item justify\">\n\t\n\t<div class=\"title\">\n\t\t\t\t<h4>Fees and coverage for the procedure<\/h4>\n\t\t<div class=\"control\">\n\t\t\t<span class=\"ion-plus\"><\/span>\n\t\t<\/div>\n\t<\/div>\n\n\t<div class=\"content\">\n\t\t<div class=\"wrap\">\n\t\t\t<p>Septoplasty is covered by French health insurance. Contact your mutual insurance company to find out how much coverage there is for any extra fees.<\/p>\n\t\t<\/div>\n\t<\/div>\n\n<\/div>\t\n<\/div>[\/vc_column][\/vc_row][vc_row full_width=&#8221;stretch_row_content_no_spaces&#8221; css=&#8221;.vc_custom_1621504042704{background-position: center !important;background-repeat: no-repeat !important;background-size: cover !important;}&#8221; el_id=&#8221;rdv&#8221;][vc_column parallax=&#8221;content-moving&#8221; parallax_image=&#8221;5676558&#8243; css=&#8221;.vc_custom_1622240482271{padding-top: 20vh !important;padding-bottom: 20vh !important;}&#8221;][vc_row_inner][vc_column_inner css=&#8221;.vc_custom_1619469911864{padding-right: 7% !important;padding-left: 7% !important;}&#8221; offset=&#8221;vc_col-lg-offset-2 vc_col-lg-8 vc_col-md-offset-1 vc_col-md-10&#8243;]<div class=\"norebro-heading-sc heading text-center\"\n\tid=\"norebro-custom-69f438c52204f\" \n\t \n\t>\n\t\n\t\n\t\n\t<h2 class=\"title\">\n\t\tDo you have a question? Need more information?\t<\/h2>\n\n\t\n\t\t\n<\/div>[vc_empty_space height=&#8221;60px&#8221;]<div class=\"norebro-text-sc justify\" \n\tid=\"norebro-custom-69f438c522119\" \n\t \n\t>\n\n\t<p>Dr. Antoine Delagranda is available to answer any questions you may have about septoplasty.\u00a0 Dr Delagranda is a specialist in ENT surgery at the Clinique st-Charles, sla Roche sur Yon.<\/p>\n\t\n<\/div>[vc_empty_space height=&#8221;60px&#8221;]<div class=\"norebro-button-sc btn-wrap text-center\" \n\tid=\"norebro-custom-69f438c5221e9\"\n\t \n\t>\n\n\t<a href=\"#consultation\" \n\t\tclass=\"btn  btn-outline btn-large\">\n\n\t\t\n\t\t\n\t\t<span class=\"text\">\n\t\t\tMake an appointment with Dr Delagranda\t\t<\/span>\n\n\t\t\n\t\t\n\t\t\t<\/a>\n\n<\/div>[\/vc_column_inner][\/vc_row_inner][\/vc_column][\/vc_row][vc_row full_width=&#8221;stretch_row_content_no_spaces&#8221; el_id=&#8221;consultation&#8221;][vc_column offset=&#8221;vc_col-lg-offset-0 vc_col-lg-12 vc_col-md-offset-0 vc_col-md-12 vc_col-sm-offset-0 vc_col-xs-12&#8243;][vc_row_inner css=&#8221;.vc_custom_1619533987520{padding-top: 8vh !important;padding-bottom: 6vh !important;}&#8221;][vc_column_inner offset=&#8221;vc_col-lg-offset-2 vc_col-lg-8 vc_col-md-offset-1 vc_col-md-10&#8243;]<div class=\"norebro-heading-sc heading text-center\"\n\tid=\"norebro-custom-69f438c522569\" \n\t \n\t>\n\t\n\t\n\t\n\t<h2 class=\"title\">\n\t\tConsultation ORL pour une septoplastie en Vend\u00e9e\t<\/h2>\n\n\t\n\t\t\n<\/div>[vc_empty_space height=&#8221;40px&#8221;]<div class=\"norebro-text-sc justify\" \n\tid=\"norebro-custom-69f438c522633\" \n\t \n\t>\n\n\t<p style=\"text-align: center;\">Le Docteur Antoine Delagranda est \u00e0 votre \u00e9coute pour toute question suppl\u00e9mentaire concernant la septoplastie. Le Dr Delagranda est m\u00e9decin sp\u00e9cialiste en chirurgie ORL, au sein de la Clinique Saint Charles \u00e0 La Roche-sur-Yon en Vend\u00e9e.<\/p>\n\t\n<\/div>[\/vc_column_inner][\/vc_row_inner][\/vc_column][\/vc_row][vc_row full_width=&#8221;stretch_row_content_no_spaces&#8221; gap=&#8221;30&#8243; equal_height=&#8221;yes&#8221; el_class=&#8221;upper-layer&#8221; css=&#8221;.vc_custom_1636446388832{padding-right: 10% !important;padding-bottom: 8vh !important;padding-left: 10% !important;}&#8221; el_id=&#8221;rdv&#8221;][vc_column width=&#8221;1\/3&#8243;][vc_row_inner css=&#8221;.vc_custom_1502457070774{margin-right: 0px !important;margin-left: 0px !important;background-color: #f9f9f9 !important;}&#8221;][vc_column_inner css=&#8221;.vc_custom_1607088904656{background-color: #f7f7f7 !important;}&#8221;][vc_empty_space height=&#8221;50px&#8221;]<div class=\"norebro-icon-box-sc icon-box text-`{`object Object`}`\" \n\tid=\"norebro-custom-69f438c522702\" \n\t \n\t>\n\n\t<div class=\"icon-wrap shape-fill brand-bg-color shape-rounded\">\n\t\t\t\t\t<span class=\"linea-basic-geolocalize-01\"><\/span>\n\t\t\t<\/div>\n\n\t<div class=\"content-wrap\">\n\n\t\t<div class=\"content-center with-full\">\n\t\t\t<div class=\"wrap\">\n\t\t\t\t<h3>Medical office<\/h3>\n\t\t\t\t\t\t\t<\/div>\n\t\t<\/div>\n\t\t\n\t\t\t<\/div>\n\t\t\n\t\t<p class=\"description content-full\">\n\t\t\tClinique Saint Charles<br \/>\n11 boulevard Ren\u00e9 Levesque<br \/>\n85016 La Roche-sur-Yon<br \/>\nVend\u00e9e\t\t<\/p>\n\n\t\t\n\t\t\n<\/div>[vc_empty_space height=&#8221;50px&#8221;][\/vc_column_inner][\/vc_row_inner][vc_empty_space height=&#8221;10px&#8221;][\/vc_column][vc_column width=&#8221;1\/3&#8243;][vc_row_inner css=&#8221;.vc_custom_1502457070774{margin-right: 0px !important;margin-left: 0px !important;background-color: #f9f9f9 !important;}&#8221;][vc_column_inner css=&#8221;.vc_custom_1607088917620{background-color: #f7f7f7 !important;}&#8221;][vc_empty_space height=&#8221;50px&#8221;]<div class=\"norebro-icon-box-sc icon-box text-`{`object Object`}`\" \n\tid=\"norebro-custom-69f438c522aa1\" \n\t \n\t>\n\n\t<div class=\"icon-wrap shape-fill brand-bg-color shape-rounded\">\n\t\t\t\t\t<span class=\"linea-basic-calendar\"><\/span>\n\t\t\t<\/div>\n\n\t<div class=\"content-wrap\">\n\n\t\t<div class=\"content-center with-full\">\n\t\t\t<div class=\"wrap\">\n\t\t\t\t<h3>Secretary for appointment<\/h3>\n\t\t\t\t\t\t\t<\/div>\n\t\t<\/div>\n\t\t\n\t\t\t<\/div>\n\t\t\n\t\t<p class=\"description content-full\">\n\t\t\t+33(0)2 51 44 44 85<br \/>\nMonday to Friday<br \/>\n9am-12pm \/ 2pm-6pm\t\t<\/p>\n\n\t\t\n\t\t\n<\/div>[vc_empty_space height=&#8221;50px&#8221;][vc_empty_space height=&#8221;25px&#8221; el_class=&#8221;vc_hidden-sm vc_hidden-xs&#8221;][\/vc_column_inner][\/vc_row_inner][vc_empty_space height=&#8221;20px&#8221;][\/vc_column][vc_column width=&#8221;1\/3&#8243;][vc_row_inner css=&#8221;.vc_custom_1502457070774{margin-right: 0px !important;margin-left: 0px !important;background-color: #f9f9f9 !important;}&#8221;][vc_column_inner css=&#8221;.vc_custom_1607088929872{background-color: #f7f7f7 !important;}&#8221;][vc_empty_space height=&#8221;50px&#8221;]<div class=\"norebro-icon-box-sc icon-box text-`{`object Object`}`\" \n\tid=\"norebro-custom-69f438c522b79\" \n\t \n\t>\n\n\t<div class=\"icon-wrap shape-fill brand-bg-color shape-rounded\">\n\t\t\t\t\t<span class=\"linea-basic-clock\"><\/span>\n\t\t\t<\/div>\n\n\t<div class=\"content-wrap\">\n\n\t\t<div class=\"content-center with-full\">\n\t\t\t<div class=\"wrap\">\n\t\t\t\t<h3>Opening hours<\/h3>\n\t\t\t\t\t\t\t<\/div>\n\t\t<\/div>\n\t\t\n\t\t\t<\/div>\n\t\t\n\t\t<p class=\"description content-full\">\n\t\t\tClinic reception<br \/>\nMonday to Friday<br \/>\n8am-12.30pm \/ 1.30pm-6.30pm<br \/>\nClosed : Sat \/ Sun\t\t<\/p>\n\n\t\t\n\t\t\n<\/div>[vc_empty_space height=&#8221;50px&#8221;][\/vc_column_inner][\/vc_row_inner][vc_empty_space height=&#8221;20px&#8221;][\/vc_column][\/vc_row]\n<\/div>","protected":false},"excerpt":{"rendered":"<p>[vc_row full_width=&#8221;stretch_row_content_no_spaces&#8221; css=&#8221;.vc_custom_1620308442909{padding-top: 35vh !important;padding-bottom: 25vh !important;background-image: url(https:\/\/www.dr-delagranda.com\/wp-content\/uploads\/2021\/05\/septoplastie.jpg?id=5675740) !important;background-position: center !important;background-repeat: no-repeat !important;background-size: cover&#8230;<\/p>\n","protected":false},"author":1,"featured_media":5677724,"parent":0,"menu_order":0,"comment_status":"closed","ping_status":"closed","template":"","meta":{"_acf_changed":false,"footnotes":""},"class_list":["post-5678101","page","type-page","status-publish","has-post-thumbnail","hentry"],"acf":[],"yoast_head":"<!-- This site is optimized with the Yoast SEO plugin v27.5 - https:\/\/yoast.com\/product\/yoast-seo-wordpress\/ -->\n<title>Septoplasty or nasal septum surgery | Indications, objectives, risks<\/title>\n<meta name=\"description\" content=\"Septoplasty involves making the nasal septum straighter to improve breathing and comfort. Dr Delagranda explains...\" \/>\n<meta name=\"robots\" content=\"index, follow, max-snippet:-1, max-image-preview:large, max-video-preview:-1\" \/>\n<link rel=\"canonical\" href=\"https:\/\/www.dr-delagranda.com\/en\/septoplasty\/\" \/>\n<meta property=\"og:locale\" content=\"en_US\" \/>\n<meta property=\"og:type\" content=\"article\" \/>\n<meta property=\"og:title\" content=\"Septoplasty or nasal septum surgery | Indications, objectives, risks\" \/>\n<meta property=\"og:description\" content=\"Septoplasty involves making the nasal septum straighter to improve breathing and comfort. Dr Delagranda explains...\" \/>\n<meta property=\"og:url\" content=\"https:\/\/www.dr-delagranda.com\/en\/septoplasty\/\" \/>\n<meta property=\"og:site_name\" content=\"Docteur Antoine Delagranda\" \/>\n<meta property=\"article:modified_time\" content=\"2024-02-22T06:55:26+00:00\" \/>\n<meta property=\"og:image\" content=\"https:\/\/www.dr-delagranda.com\/wp-content\/uploads\/2021\/05\/septoplastie.jpg\" \/>\n\t<meta property=\"og:image:width\" content=\"1920\" \/>\n\t<meta property=\"og:image:height\" content=\"1080\" \/>\n\t<meta property=\"og:image:type\" content=\"image\/jpeg\" \/>\n<meta name=\"twitter:card\" content=\"summary_large_image\" \/>\n<script type=\"application\/ld+json\" class=\"yoast-schema-graph\">{\"@context\":\"https:\\\/\\\/schema.org\",\"@graph\":[{\"@type\":\"WebPage\",\"@id\":\"https:\\\/\\\/www.dr-delagranda.com\\\/en\\\/septoplasty\\\/\",\"url\":\"https:\\\/\\\/www.dr-delagranda.com\\\/en\\\/septoplasty\\\/\",\"name\":\"Septoplasty or nasal septum surgery | Indications, objectives, risks\",\"isPartOf\":{\"@id\":\"https:\\\/\\\/www.dr-delagranda.com\\\/en\\\/#website\"},\"primaryImageOfPage\":{\"@id\":\"https:\\\/\\\/www.dr-delagranda.com\\\/en\\\/septoplasty\\\/#primaryimage\"},\"image\":{\"@id\":\"https:\\\/\\\/www.dr-delagranda.com\\\/en\\\/septoplasty\\\/#primaryimage\"},\"thumbnailUrl\":\"https:\\\/\\\/www.dr-delagranda.com\\\/wp-content\\\/uploads\\\/2021\\\/05\\\/septoplastie.jpg\",\"datePublished\":\"2021-01-08T09:59:24+00:00\",\"dateModified\":\"2024-02-22T06:55:26+00:00\",\"description\":\"Septoplasty involves making the nasal septum straighter to improve breathing and comfort. Dr Delagranda explains...\",\"breadcrumb\":{\"@id\":\"https:\\\/\\\/www.dr-delagranda.com\\\/en\\\/septoplasty\\\/#breadcrumb\"},\"inLanguage\":\"en-US\",\"potentialAction\":[{\"@type\":\"ReadAction\",\"target\":[\"https:\\\/\\\/www.dr-delagranda.com\\\/en\\\/septoplasty\\\/\"]}]},{\"@type\":\"ImageObject\",\"inLanguage\":\"en-US\",\"@id\":\"https:\\\/\\\/www.dr-delagranda.com\\\/en\\\/septoplasty\\\/#primaryimage\",\"url\":\"https:\\\/\\\/www.dr-delagranda.com\\\/wp-content\\\/uploads\\\/2021\\\/05\\\/septoplastie.jpg\",\"contentUrl\":\"https:\\\/\\\/www.dr-delagranda.com\\\/wp-content\\\/uploads\\\/2021\\\/05\\\/septoplastie.jpg\",\"width\":1920,\"height\":1080},{\"@type\":\"BreadcrumbList\",\"@id\":\"https:\\\/\\\/www.dr-delagranda.com\\\/en\\\/septoplasty\\\/#breadcrumb\",\"itemListElement\":[{\"@type\":\"ListItem\",\"position\":1,\"name\":\"Accueil\",\"item\":\"https:\\\/\\\/www.dr-delagranda.com\\\/en\\\/\"},{\"@type\":\"ListItem\",\"position\":2,\"name\":\"Septoplasty\"}]},{\"@type\":\"WebSite\",\"@id\":\"https:\\\/\\\/www.dr-delagranda.com\\\/en\\\/#website\",\"url\":\"https:\\\/\\\/www.dr-delagranda.com\\\/en\\\/\",\"name\":\"Docteur Antoine Delagranda\",\"description\":\"ORL Chirurgie de la face et du cou\",\"publisher\":{\"@id\":\"https:\\\/\\\/www.dr-delagranda.com\\\/en\\\/#organization\"},\"potentialAction\":[{\"@type\":\"SearchAction\",\"target\":{\"@type\":\"EntryPoint\",\"urlTemplate\":\"https:\\\/\\\/www.dr-delagranda.com\\\/en\\\/?s={search_term_string}\"},\"query-input\":{\"@type\":\"PropertyValueSpecification\",\"valueRequired\":true,\"valueName\":\"search_term_string\"}}],\"inLanguage\":\"en-US\"},{\"@type\":\"Organization\",\"@id\":\"https:\\\/\\\/www.dr-delagranda.com\\\/en\\\/#organization\",\"name\":\"Docteur Antoine Delagranda\",\"url\":\"https:\\\/\\\/www.dr-delagranda.com\\\/en\\\/\",\"logo\":{\"@type\":\"ImageObject\",\"inLanguage\":\"en-US\",\"@id\":\"https:\\\/\\\/www.dr-delagranda.com\\\/en\\\/#\\\/schema\\\/logo\\\/image\\\/\",\"url\":\"https:\\\/\\\/www.dr-delagranda.com\\\/wp-content\\\/uploads\\\/2021\\\/05\\\/logo-docteur-antoine-delagranda.png\",\"contentUrl\":\"https:\\\/\\\/www.dr-delagranda.com\\\/wp-content\\\/uploads\\\/2021\\\/05\\\/logo-docteur-antoine-delagranda.png\",\"width\":1920,\"height\":530,\"caption\":\"Docteur Antoine Delagranda\"},\"image\":{\"@id\":\"https:\\\/\\\/www.dr-delagranda.com\\\/en\\\/#\\\/schema\\\/logo\\\/image\\\/\"}}]}<\/script>\n<!-- \/ Yoast SEO plugin. -->","yoast_head_json":{"title":"Septoplasty or nasal septum surgery | Indications, objectives, risks","description":"Septoplasty involves making the nasal septum straighter to improve breathing and comfort. Dr Delagranda explains...","robots":{"index":"index","follow":"follow","max-snippet":"max-snippet:-1","max-image-preview":"max-image-preview:large","max-video-preview":"max-video-preview:-1"},"canonical":"https:\/\/www.dr-delagranda.com\/en\/septoplasty\/","og_locale":"en_US","og_type":"article","og_title":"Septoplasty or nasal septum surgery | Indications, objectives, risks","og_description":"Septoplasty involves making the nasal septum straighter to improve breathing and comfort. Dr Delagranda explains...","og_url":"https:\/\/www.dr-delagranda.com\/en\/septoplasty\/","og_site_name":"Docteur Antoine Delagranda","article_modified_time":"2024-02-22T06:55:26+00:00","og_image":[{"width":1920,"height":1080,"url":"https:\/\/www.dr-delagranda.com\/wp-content\/uploads\/2021\/05\/septoplastie.jpg","type":"image\/jpeg"}],"twitter_card":"summary_large_image","schema":{"@context":"https:\/\/schema.org","@graph":[{"@type":"WebPage","@id":"https:\/\/www.dr-delagranda.com\/en\/septoplasty\/","url":"https:\/\/www.dr-delagranda.com\/en\/septoplasty\/","name":"Septoplasty or nasal septum surgery | Indications, objectives, risks","isPartOf":{"@id":"https:\/\/www.dr-delagranda.com\/en\/#website"},"primaryImageOfPage":{"@id":"https:\/\/www.dr-delagranda.com\/en\/septoplasty\/#primaryimage"},"image":{"@id":"https:\/\/www.dr-delagranda.com\/en\/septoplasty\/#primaryimage"},"thumbnailUrl":"https:\/\/www.dr-delagranda.com\/wp-content\/uploads\/2021\/05\/septoplastie.jpg","datePublished":"2021-01-08T09:59:24+00:00","dateModified":"2024-02-22T06:55:26+00:00","description":"Septoplasty involves making the nasal septum straighter to improve breathing and comfort. Dr Delagranda explains...","breadcrumb":{"@id":"https:\/\/www.dr-delagranda.com\/en\/septoplasty\/#breadcrumb"},"inLanguage":"en-US","potentialAction":[{"@type":"ReadAction","target":["https:\/\/www.dr-delagranda.com\/en\/septoplasty\/"]}]},{"@type":"ImageObject","inLanguage":"en-US","@id":"https:\/\/www.dr-delagranda.com\/en\/septoplasty\/#primaryimage","url":"https:\/\/www.dr-delagranda.com\/wp-content\/uploads\/2021\/05\/septoplastie.jpg","contentUrl":"https:\/\/www.dr-delagranda.com\/wp-content\/uploads\/2021\/05\/septoplastie.jpg","width":1920,"height":1080},{"@type":"BreadcrumbList","@id":"https:\/\/www.dr-delagranda.com\/en\/septoplasty\/#breadcrumb","itemListElement":[{"@type":"ListItem","position":1,"name":"Accueil","item":"https:\/\/www.dr-delagranda.com\/en\/"},{"@type":"ListItem","position":2,"name":"Septoplasty"}]},{"@type":"WebSite","@id":"https:\/\/www.dr-delagranda.com\/en\/#website","url":"https:\/\/www.dr-delagranda.com\/en\/","name":"Docteur Antoine Delagranda","description":"ORL Chirurgie de la face et du cou","publisher":{"@id":"https:\/\/www.dr-delagranda.com\/en\/#organization"},"potentialAction":[{"@type":"SearchAction","target":{"@type":"EntryPoint","urlTemplate":"https:\/\/www.dr-delagranda.com\/en\/?s={search_term_string}"},"query-input":{"@type":"PropertyValueSpecification","valueRequired":true,"valueName":"search_term_string"}}],"inLanguage":"en-US"},{"@type":"Organization","@id":"https:\/\/www.dr-delagranda.com\/en\/#organization","name":"Docteur Antoine Delagranda","url":"https:\/\/www.dr-delagranda.com\/en\/","logo":{"@type":"ImageObject","inLanguage":"en-US","@id":"https:\/\/www.dr-delagranda.com\/en\/#\/schema\/logo\/image\/","url":"https:\/\/www.dr-delagranda.com\/wp-content\/uploads\/2021\/05\/logo-docteur-antoine-delagranda.png","contentUrl":"https:\/\/www.dr-delagranda.com\/wp-content\/uploads\/2021\/05\/logo-docteur-antoine-delagranda.png","width":1920,"height":530,"caption":"Docteur Antoine Delagranda"},"image":{"@id":"https:\/\/www.dr-delagranda.com\/en\/#\/schema\/logo\/image\/"}}]}},"_links":{"self":[{"href":"https:\/\/www.dr-delagranda.com\/en\/wp-json\/wp\/v2\/pages\/5678101","targetHints":{"allow":["GET"]}}],"collection":[{"href":"https:\/\/www.dr-delagranda.com\/en\/wp-json\/wp\/v2\/pages"}],"about":[{"href":"https:\/\/www.dr-delagranda.com\/en\/wp-json\/wp\/v2\/types\/page"}],"author":[{"embeddable":true,"href":"https:\/\/www.dr-delagranda.com\/en\/wp-json\/wp\/v2\/users\/1"}],"replies":[{"embeddable":true,"href":"https:\/\/www.dr-delagranda.com\/en\/wp-json\/wp\/v2\/comments?post=5678101"}],"version-history":[{"count":4,"href":"https:\/\/www.dr-delagranda.com\/en\/wp-json\/wp\/v2\/pages\/5678101\/revisions"}],"predecessor-version":[{"id":5678364,"href":"https:\/\/www.dr-delagranda.com\/en\/wp-json\/wp\/v2\/pages\/5678101\/revisions\/5678364"}],"wp:featuredmedia":[{"embeddable":true,"href":"https:\/\/www.dr-delagranda.com\/en\/wp-json\/wp\/v2\/media\/5677724"}],"wp:attachment":[{"href":"https:\/\/www.dr-delagranda.com\/en\/wp-json\/wp\/v2\/media?parent=5678101"}],"curies":[{"name":"wp","href":"https:\/\/api.w.org\/{rel}","templated":true}]}}